{"id":37,"date":"2022-06-30T22:39:43","date_gmt":"2022-06-30T22:39:43","guid":{"rendered":"https:\/\/alimentacionycultura.ucr.ac.cr\/?page_id=37"},"modified":"2022-11-19T19:24:31","modified_gmt":"2022-11-19T19:24:31","slug":"nuestros-super-alimentos","status":"publish","type":"page","link":"https:\/\/alimentacionycultura.ucr.ac.cr\/index.php\/nuestros-alimentos\/nuestros-super-alimentos\/","title":{"rendered":"Nuestros S\u00faper Alimentos"},"content":{"rendered":"\t\t<div data-elementor-type=\"wp-page\" data-elementor-id=\"37\" class=\"elementor elementor-37\">\n\t\t\t\t\t\t<section class=\"elementor-section elementor-top-section elementor-element elementor-element-688600b elementor-section-height-min-height elementor-section-boxed elementor-section-height-default elementor-section-items-middle\" data-id=\"688600b\" data-element_type=\"section\" data-e-type=\"section\" data-settings=\"{&quot;background_background&quot;:&quot;classic&quot;}\">\n\t\t\t\t\t\t\t<div class=\"elementor-background-overlay\"><\/div>\n\t\t\t\t\t\t\t<div class=\"elementor-container elementor-column-gap-default\">\n\t\t\t\t\t<div class=\"elementor-column elementor-col-100 elementor-top-column elementor-element elementor-element-74efc30\" data-id=\"74efc30\" data-element_type=\"column\" data-e-type=\"column\">\n\t\t\t<div class=\"elementor-widget-wrap elementor-element-populated\">\n\t\t\t\t\t\t<div class=\"elementor-element elementor-element-7b14c8c animated-slow elementor-invisible elementor-widget elementor-widget-heading\" data-id=\"7b14c8c\" data-element_type=\"widget\" data-e-type=\"widget\" data-settings=\"{&quot;_animation&quot;:&quot;fadeIn&quot;}\" data-widget_type=\"heading.default\">\n\t\t\t\t<div class=\"elementor-widget-container\">\n\t\t\t\t\t<h1 class=\"elementor-heading-title elementor-size-default\">Nuestros s\u00faper alimentos<\/h1>\t\t\t\t<\/div>\n\t\t\t\t<\/div>\n\t\t\t\t\t<\/div>\n\t\t<\/div>\n\t\t\t\t\t<\/div>\n\t\t<\/section>\n\t\t\t\t<section class=\"elementor-section elementor-top-section elementor-element elementor-element-8bb6ff4 section-container elementor-section-boxed elementor-section-height-default elementor-section-height-default\" data-id=\"8bb6ff4\" data-element_type=\"section\" data-e-type=\"section\" data-settings=\"{&quot;background_background&quot;:&quot;classic&quot;}\">\n\t\t\t\t\t\t<div class=\"elementor-container elementor-column-gap-default\">\n\t\t\t\t\t<div class=\"elementor-column elementor-col-100 elementor-top-column elementor-element elementor-element-cf222be\" data-id=\"cf222be\" data-element_type=\"column\" data-e-type=\"column\">\n\t\t\t<div class=\"elementor-widget-wrap elementor-element-populated\">\n\t\t\t\t\t\t<div class=\"elementor-element elementor-element-6a46208 elementor-widget elementor-widget-text-editor\" data-id=\"6a46208\" data-element_type=\"widget\" data-e-type=\"widget\" data-widget_type=\"text-editor.default\">\n\t\t\t\t<div class=\"elementor-widget-container\">\n\t\t\t\t\t\t\t\t\t<p><span style=\"font-weight: 400;\">\u201cS\u00faper alimentos\u201d es un t\u00e9rmino que hemos adoptado para exaltar aquellos productos que por su aporte nutricional, cultural, ambiental o econ\u00f3mico destacan de forma sobresaliente en la alimentaci\u00f3n costarricense.\u00a0 Por diversas razones se han dejado de consumir muchos de ellos, se desconoce sobre sus propiedades o han quedado en el olvido por el cambio alimentario de la poblaci\u00f3n.<\/span><span style=\"font-weight: 400;\"> Son pues,\u00a0s\u00faper alimentos, a nuestro modo de ver(nos) hacia adentro.\u00a0<\/span><\/p><p><span style=\"font-weight: 400;\"> Queremos exaltar los alimentos propios,\u00a0 aprender m\u00e1s sobre ellos y disfrutarlos, as\u00ed como desarrollar acciones para su conservaci\u00f3n y promoci\u00f3n.\u00a0 Te invitamos a conocer m\u00e1s sobre s\u00faper alimentos que forman parte de la alimentaci\u00f3n costarricense.<\/span><\/p>\t\t\t\t\t\t\t\t<\/div>\n\t\t\t\t<\/div>\n\t\t\t\t\t<\/div>\n\t\t<\/div>\n\t\t\t\t\t<\/div>\n\t\t<\/section>\n\t\t\t\t<section class=\"elementor-section elementor-top-section elementor-element elementor-element-7c37a1b section-container elementor-section-boxed elementor-section-height-default elementor-section-height-default\" data-id=\"7c37a1b\" data-element_type=\"section\" data-e-type=\"section\" data-settings=\"{&quot;background_background&quot;:&quot;classic&quot;}\">\n\t\t\t\t\t\t<div class=\"elementor-container elementor-column-gap-default\">\n\t\t\t\t\t<div class=\"elementor-column elementor-col-100 elementor-top-column elementor-element elementor-element-1832b7f6\" data-id=\"1832b7f6\" data-element_type=\"column\" data-e-type=\"column\">\n\t\t\t<div class=\"elementor-widget-wrap elementor-element-populated\">\n\t\t\t\t\t\t<div class=\"elementor-element elementor-element-455fa7f9 elementor-grid-eael-col-3 elementor-grid-tablet-eael-col-2 elementor-grid-mobile-eael-col-1 elementor-widget elementor-widget-eael-post-grid\" data-id=\"455fa7f9\" data-element_type=\"widget\" data-e-type=\"widget\" data-settings=\"{&quot;eael_post_grid_columns&quot;:&quot;eael-col-3&quot;,&quot;eael_post_grid_columns_tablet&quot;:&quot;eael-col-2&quot;,&quot;eael_post_grid_columns_mobile&quot;:&quot;eael-col-1&quot;}\" data-widget_type=\"eael-post-grid.default\">\n\t\t\t\t<div class=\"elementor-widget-container\">\n\t\t\t\t\t<div id=\"eael-post-grid-455fa7f9\" class=\"eael-post-grid-container\">\n            <div class=\"eael-post-grid eael-post-appender eael-post-appender-455fa7f9 eael-post-grid-style-one\" data-layout-mode=\"grid\"><article class=\"eael-grid-post  eael-post-grid-column eael-pg-post-4218 category-monte-patios-cerco-solares-nuestros-super-alimentos\" data-id=\"4218\">\n        <div class=\"eael-grid-post-holder\">\n            <div class=\"eael-grid-post-holder-inner\"><div class=\"eael-entry-wrapper\"><header class=\"eael-entry-header\"><h3 class=\"eael-entry-title\"><a class=\"eael-grid-post-link\" href=\"https:\/\/alimentacionycultura.ucr.ac.cr\/index.php\/2024\/04\/06\/tacaco-el-tesoro-tico\/\" title=\"Tacaco, el tesoro tico\">Tacaco, el tesoro tico<\/a><\/h3><\/header><div class=\"eael-entry-content\">\n                        <div class=\"eael-grid-post-excerpt\"><a href=\"https:\/\/alimentacionycultura.ucr.ac.cr\/index.php\/2024\/04\/06\/tacaco-el-tesoro-tico\/\" class=\"eael-post-elements-readmore-btn\">Leer m\u00e1s<\/a><\/div>\n                    <\/div><\/div><\/div>\n        <\/div>\n    <\/article><article class=\"eael-grid-post  eael-post-grid-column eael-pg-post-4104 category-nuestros-super-alimentos-recetas-ticas\" data-id=\"4104\">\n        <div class=\"eael-grid-post-holder\">\n            <div class=\"eael-grid-post-holder-inner\"><div class=\"eael-entry-wrapper\"><header class=\"eael-entry-header\"><h3 class=\"eael-entry-title\"><a class=\"eael-grid-post-link\" href=\"https:\/\/alimentacionycultura.ucr.ac.cr\/index.php\/2023\/10\/08\/refrescante-chan\/\" title=\"Refrescante chan\">Refrescante chan<\/a><\/h3><\/header><div class=\"eael-entry-content\">\n                        <div class=\"eael-grid-post-excerpt\"><a href=\"https:\/\/alimentacionycultura.ucr.ac.cr\/index.php\/2023\/10\/08\/refrescante-chan\/\" class=\"eael-post-elements-readmore-btn\">Leer m\u00e1s<\/a><\/div>\n                    <\/div><\/div><\/div>\n        <\/div>\n    <\/article><article class=\"eael-grid-post  eael-post-grid-column eael-pg-post-4027 category-nuestros-alimentos-nuestros-super-alimentos\" data-id=\"4027\">\n        <div class=\"eael-grid-post-holder\">\n            <div class=\"eael-grid-post-holder-inner\"><div class=\"eael-entry-wrapper\"><header class=\"eael-entry-header\"><h3 class=\"eael-entry-title\"><a class=\"eael-grid-post-link\" href=\"https:\/\/alimentacionycultura.ucr.ac.cr\/index.php\/2023\/08\/06\/dulce-guanabana\/\" title=\"Dulce guan\u00e1bana\">Dulce guan\u00e1bana<\/a><\/h3><\/header><div class=\"eael-entry-content\">\n                        <div class=\"eael-grid-post-excerpt\"><a href=\"https:\/\/alimentacionycultura.ucr.ac.cr\/index.php\/2023\/08\/06\/dulce-guanabana\/\" class=\"eael-post-elements-readmore-btn\">Leer m\u00e1s<\/a><\/div>\n                    <\/div><\/div><\/div>\n        <\/div>\n    <\/article><article class=\"eael-grid-post  eael-post-grid-column eael-pg-post-4018 category-nuestros-alimentos-nuestros-super-alimentos\" data-id=\"4018\">\n        <div class=\"eael-grid-post-holder\">\n            <div class=\"eael-grid-post-holder-inner\"><div class=\"eael-entry-wrapper\"><header class=\"eael-entry-header\"><h3 class=\"eael-entry-title\"><a class=\"eael-grid-post-link\" href=\"https:\/\/alimentacionycultura.ucr.ac.cr\/index.php\/2023\/08\/06\/ricos-jocotes\/\" title=\"Ricos jocotes\">Ricos jocotes<\/a><\/h3><\/header><div class=\"eael-entry-content\">\n                        <div class=\"eael-grid-post-excerpt\"><a href=\"https:\/\/alimentacionycultura.ucr.ac.cr\/index.php\/2023\/08\/06\/ricos-jocotes\/\" class=\"eael-post-elements-readmore-btn\">Leer m\u00e1s<\/a><\/div>\n                    <\/div><\/div><\/div>\n        <\/div>\n    <\/article><article class=\"eael-grid-post  eael-post-grid-column eael-pg-post-3765 category-monte-patios-cerco-solares-nuestros-alimentos-nuestros-super-alimentos\" data-id=\"3765\">\n        <div class=\"eael-grid-post-holder\">\n            <div class=\"eael-grid-post-holder-inner\"><div class=\"eael-entry-wrapper\"><header class=\"eael-entry-header\"><h3 class=\"eael-entry-title\"><a class=\"eael-grid-post-link\" href=\"https:\/\/alimentacionycultura.ucr.ac.cr\/index.php\/2023\/07\/16\/el-que-se-viste-de-amarillo-a-su-hermosura-se-atiene-hablemos-del-ayote\/\" title=\"El que se viste de amarillo, a su hermosura se atiene:  Hablemos del ayote.\">El que se viste de amarillo, a su hermosura se atiene:  Hablemos del ayote.<\/a><\/h3><\/header><div class=\"eael-entry-content\">\n                        <div class=\"eael-grid-post-excerpt\"><a href=\"https:\/\/alimentacionycultura.ucr.ac.cr\/index.php\/2023\/07\/16\/el-que-se-viste-de-amarillo-a-su-hermosura-se-atiene-hablemos-del-ayote\/\" class=\"eael-post-elements-readmore-btn\">Leer m\u00e1s<\/a><\/div>\n                    <\/div><\/div><\/div>\n        <\/div>\n    <\/article><article class=\"eael-grid-post  eael-post-grid-column eael-pg-post-3731 category-biodiversidad-alimentaria-nuestros-alimentos-nuestros-super-alimentos\" data-id=\"3731\">\n        <div class=\"eael-grid-post-holder\">\n            <div class=\"eael-grid-post-holder-inner\"><div class=\"eael-entry-wrapper\"><header class=\"eael-entry-header\"><h3 class=\"eael-entry-title\"><a class=\"eael-grid-post-link\" href=\"https:\/\/alimentacionycultura.ucr.ac.cr\/index.php\/2023\/06\/24\/el-ojoche-ramon-o-nuez-maya\/\" title=\"El Ojoche, ram\u00f3n o nuez maya\">El Ojoche, ram\u00f3n o nuez maya<\/a><\/h3><\/header><div class=\"eael-entry-content\">\n                        <div class=\"eael-grid-post-excerpt\"><a href=\"https:\/\/alimentacionycultura.ucr.ac.cr\/index.php\/2023\/06\/24\/el-ojoche-ramon-o-nuez-maya\/\" class=\"eael-post-elements-readmore-btn\">Leer m\u00e1s<\/a><\/div>\n                    <\/div><\/div><\/div>\n        <\/div>\n    <\/article><article class=\"eael-grid-post  eael-post-grid-column eael-pg-post-3663 category-apuntes-sobre-la-cocina-tica-cocina-y-mas-nuestros-super-alimentos\" data-id=\"3663\">\n        <div class=\"eael-grid-post-holder\">\n            <div class=\"eael-grid-post-holder-inner\"><div class=\"eael-entry-wrapper\"><header class=\"eael-entry-header\"><h3 class=\"eael-entry-title\"><a class=\"eael-grid-post-link\" href=\"https:\/\/alimentacionycultura.ucr.ac.cr\/index.php\/2023\/04\/10\/tico-que-se-respeta-come-frijoles\/\" title=\"Tico que se respeta come frijoles\">Tico que se respeta come frijoles<\/a><\/h3><\/header><div class=\"eael-entry-content\">\n                        <div class=\"eael-grid-post-excerpt\"><a href=\"https:\/\/alimentacionycultura.ucr.ac.cr\/index.php\/2023\/04\/10\/tico-que-se-respeta-come-frijoles\/\" class=\"eael-post-elements-readmore-btn\">Leer m\u00e1s<\/a><\/div>\n                    <\/div><\/div><\/div>\n        <\/div>\n    <\/article><article class=\"eael-grid-post  eael-post-grid-column eael-pg-post-3649 category-nuestros-alimentos-nuestros-super-alimentos\" data-id=\"3649\">\n        <div class=\"eael-grid-post-holder\">\n            <div class=\"eael-grid-post-holder-inner\"><div class=\"eael-entry-wrapper\"><header class=\"eael-entry-header\"><h3 class=\"eael-entry-title\"><a class=\"eael-grid-post-link\" href=\"https:\/\/alimentacionycultura.ucr.ac.cr\/index.php\/2023\/04\/10\/mas-que-alimento-el-chayote\/\" title=\"M\u00e1s que alimento:  El Chayote\">M\u00e1s que alimento:  El Chayote<\/a><\/h3><\/header><div class=\"eael-entry-content\">\n                        <div class=\"eael-grid-post-excerpt\"><a href=\"https:\/\/alimentacionycultura.ucr.ac.cr\/index.php\/2023\/04\/10\/mas-que-alimento-el-chayote\/\" class=\"eael-post-elements-readmore-btn\">Leer m\u00e1s<\/a><\/div>\n                    <\/div><\/div><\/div>\n        <\/div>\n    <\/article><article class=\"eael-grid-post  eael-post-grid-column eael-pg-post-3577 category-nuestros-alimentos-nuestros-super-alimentos\" data-id=\"3577\">\n        <div class=\"eael-grid-post-holder\">\n            <div class=\"eael-grid-post-holder-inner\"><div class=\"eael-entry-wrapper\"><header class=\"eael-entry-header\"><h3 class=\"eael-entry-title\"><a class=\"eael-grid-post-link\" href=\"https:\/\/alimentacionycultura.ucr.ac.cr\/index.php\/2023\/03\/05\/el-aromatico-y-sabroso-cas\/\" title=\"Cas, una fruta arom\u00e1tica y jugosa\">Cas, una fruta arom\u00e1tica y jugosa<\/a><\/h3><\/header><div class=\"eael-entry-content\">\n                        <div class=\"eael-grid-post-excerpt\"><a href=\"https:\/\/alimentacionycultura.ucr.ac.cr\/index.php\/2023\/03\/05\/el-aromatico-y-sabroso-cas\/\" class=\"eael-post-elements-readmore-btn\">Leer m\u00e1s<\/a><\/div>\n                    <\/div><\/div><\/div>\n        <\/div>\n    <\/article><article class=\"eael-grid-post  eael-post-grid-column eael-pg-post-3527 category-nuestros-alimentos-nuestros-super-alimentos\" data-id=\"3527\">\n        <div class=\"eael-grid-post-holder\">\n            <div class=\"eael-grid-post-holder-inner\"><div class=\"eael-entry-wrapper\"><header class=\"eael-entry-header\"><h3 class=\"eael-entry-title\"><a class=\"eael-grid-post-link\" href=\"https:\/\/alimentacionycultura.ucr.ac.cr\/index.php\/2023\/02\/18\/el-caimito\/\" title=\"El caimito es un s\u00faper alimento\">El caimito es un s\u00faper alimento<\/a><\/h3><\/header><div class=\"eael-entry-content\">\n                        <div class=\"eael-grid-post-excerpt\"><a href=\"https:\/\/alimentacionycultura.ucr.ac.cr\/index.php\/2023\/02\/18\/el-caimito\/\" class=\"eael-post-elements-readmore-btn\">Leer m\u00e1s<\/a><\/div>\n                    <\/div><\/div><\/div>\n        <\/div>\n    <\/article><article class=\"eael-grid-post  eael-post-grid-column eael-pg-post-3518 category-nuestros-alimentos-nuestros-super-alimentos\" data-id=\"3518\">\n        <div class=\"eael-grid-post-holder\">\n            <div class=\"eael-grid-post-holder-inner\"><div class=\"eael-entry-wrapper\"><header class=\"eael-entry-header\"><h3 class=\"eael-entry-title\"><a class=\"eael-grid-post-link\" href=\"https:\/\/alimentacionycultura.ucr.ac.cr\/index.php\/2023\/02\/17\/pequeno-super-alimento-la-mora\/\" title=\"Peque\u00f1o s\u00faper alimento:  la mora\">Peque\u00f1o s\u00faper alimento:  la mora<\/a><\/h3><\/header><div class=\"eael-entry-content\">\n                        <div class=\"eael-grid-post-excerpt\"><a href=\"https:\/\/alimentacionycultura.ucr.ac.cr\/index.php\/2023\/02\/17\/pequeno-super-alimento-la-mora\/\" class=\"eael-post-elements-readmore-btn\">Leer m\u00e1s<\/a><\/div>\n                    <\/div><\/div><\/div>\n        <\/div>\n    <\/article><article class=\"eael-grid-post  eael-post-grid-column eael-pg-post-3432 category-nuestros-alimentos-nuestros-super-alimentos\" data-id=\"3432\">\n        <div class=\"eael-grid-post-holder\">\n            <div class=\"eael-grid-post-holder-inner\"><div class=\"eael-entry-wrapper\"><header class=\"eael-entry-header\"><h3 class=\"eael-entry-title\"><a class=\"eael-grid-post-link\" href=\"https:\/\/alimentacionycultura.ucr.ac.cr\/index.php\/2023\/02\/13\/maiz-pujagua-coloridos-matices-nutricion-y-sabor-ancestral\/\" title=\"Ma\u00edz pujagua:  Coloridos matices, nutrici\u00f3n y sabor ancestral.\">Ma\u00edz pujagua:  Coloridos matices, nutrici\u00f3n y sabor ancestral.<\/a><\/h3><\/header><div class=\"eael-entry-content\">\n                        <div class=\"eael-grid-post-excerpt\"><a href=\"https:\/\/alimentacionycultura.ucr.ac.cr\/index.php\/2023\/02\/13\/maiz-pujagua-coloridos-matices-nutricion-y-sabor-ancestral\/\" class=\"eael-post-elements-readmore-btn\">Leer m\u00e1s<\/a><\/div>\n                    <\/div><\/div><\/div>\n        <\/div>\n    <\/article><article class=\"eael-grid-post  eael-post-grid-column eael-pg-post-3425 category-nuestros-alimentos-nuestros-super-alimentos\" data-id=\"3425\">\n        <div class=\"eael-grid-post-holder\">\n            <div class=\"eael-grid-post-holder-inner\"><div class=\"eael-entry-wrapper\"><header class=\"eael-entry-header\"><h3 class=\"eael-entry-title\"><a class=\"eael-grid-post-link\" href=\"https:\/\/alimentacionycultura.ucr.ac.cr\/index.php\/2023\/02\/13\/papaya-un-super-alimento\/\" title=\"Papaya y su m\u00e1ximo aprovechamiento\">Papaya y su m\u00e1ximo aprovechamiento<\/a><\/h3><\/header><div class=\"eael-entry-content\">\n                        <div class=\"eael-grid-post-excerpt\"><a href=\"https:\/\/alimentacionycultura.ucr.ac.cr\/index.php\/2023\/02\/13\/papaya-un-super-alimento\/\" class=\"eael-post-elements-readmore-btn\">Leer m\u00e1s<\/a><\/div>\n                    <\/div><\/div><\/div>\n        <\/div>\n    <\/article><article class=\"eael-grid-post  eael-post-grid-column eael-pg-post-3357 category-nuestros-alimentos-nuestros-super-alimentos\" data-id=\"3357\">\n        <div class=\"eael-grid-post-holder\">\n            <div class=\"eael-grid-post-holder-inner\"><div class=\"eael-entry-wrapper\"><header class=\"eael-entry-header\"><h3 class=\"eael-entry-title\"><a class=\"eael-grid-post-link\" href=\"https:\/\/alimentacionycultura.ucr.ac.cr\/index.php\/2023\/02\/10\/frijoles-un-super-alimento\/\" title=\"Frijoles, un s\u00faper alimento\">Frijoles, un s\u00faper alimento<\/a><\/h3><\/header><div class=\"eael-entry-content\">\n                        <div class=\"eael-grid-post-excerpt\"><a href=\"https:\/\/alimentacionycultura.ucr.ac.cr\/index.php\/2023\/02\/10\/frijoles-un-super-alimento\/\" class=\"eael-post-elements-readmore-btn\">Leer m\u00e1s<\/a><\/div>\n                    <\/div><\/div><\/div>\n        <\/div>\n    <\/article><article class=\"eael-grid-post  eael-post-grid-column eael-pg-post-3352 category-nuestros-alimentos-nuestros-super-alimentos\" data-id=\"3352\">\n        <div class=\"eael-grid-post-holder\">\n            <div class=\"eael-grid-post-holder-inner\"><div class=\"eael-entry-wrapper\"><header class=\"eael-entry-header\"><h3 class=\"eael-entry-title\"><a class=\"eael-grid-post-link\" href=\"https:\/\/alimentacionycultura.ucr.ac.cr\/index.php\/2023\/02\/10\/hablemos-del-cacao\/\" title=\"Hablemos del cacao\">Hablemos del cacao<\/a><\/h3><\/header><div class=\"eael-entry-content\">\n                        <div class=\"eael-grid-post-excerpt\"><a href=\"https:\/\/alimentacionycultura.ucr.ac.cr\/index.php\/2023\/02\/10\/hablemos-del-cacao\/\" class=\"eael-post-elements-readmore-btn\">Leer m\u00e1s<\/a><\/div>\n                    <\/div><\/div><\/div>\n        <\/div>\n    <\/article><article class=\"eael-grid-post  eael-post-grid-column eael-pg-post-3329 category-nuestros-alimentos-nuestros-super-alimentos\" data-id=\"3329\">\n        <div class=\"eael-grid-post-holder\">\n            <div class=\"eael-grid-post-holder-inner\"><div class=\"eael-entry-wrapper\"><header class=\"eael-entry-header\"><h3 class=\"eael-entry-title\"><a class=\"eael-grid-post-link\" href=\"https:\/\/alimentacionycultura.ucr.ac.cr\/index.php\/2023\/02\/10\/chicasquil-un-arbol-domesticado\/\" title=\"Chicasquil: Un \u00e1rbol domesticado\">Chicasquil: Un \u00e1rbol domesticado<\/a><\/h3><\/header><div class=\"eael-entry-content\">\n                        <div class=\"eael-grid-post-excerpt\"><a href=\"https:\/\/alimentacionycultura.ucr.ac.cr\/index.php\/2023\/02\/10\/chicasquil-un-arbol-domesticado\/\" class=\"eael-post-elements-readmore-btn\">Leer m\u00e1s<\/a><\/div>\n                    <\/div><\/div><\/div>\n        <\/div>\n    <\/article><article class=\"eael-grid-post  eael-post-grid-column eael-pg-post-3332 category-nuestros-alimentos-nuestros-super-alimentos\" data-id=\"3332\">\n        <div class=\"eael-grid-post-holder\">\n            <div class=\"eael-grid-post-holder-inner\"><div class=\"eael-entry-wrapper\"><header class=\"eael-entry-header\"><h3 class=\"eael-entry-title\"><a class=\"eael-grid-post-link\" href=\"https:\/\/alimentacionycultura.ucr.ac.cr\/index.php\/2023\/02\/10\/la-chayotera-una-super-planta\/\" title=\"La chayotera, una s\u00faper planta\">La chayotera, una s\u00faper planta<\/a><\/h3><\/header><div class=\"eael-entry-content\">\n                        <div class=\"eael-grid-post-excerpt\"><a href=\"https:\/\/alimentacionycultura.ucr.ac.cr\/index.php\/2023\/02\/10\/la-chayotera-una-super-planta\/\" class=\"eael-post-elements-readmore-btn\">Leer m\u00e1s<\/a><\/div>\n                    <\/div><\/div><\/div>\n        <\/div>\n    <\/article><\/div>\n            <div class=\"clearfix\"><\/div>\n        <\/div>\t\t\t\t<\/div>\n\t\t\t\t<\/div>\n\t\t\t\t\t<\/div>\n\t\t<\/div>\n\t\t\t\t\t<\/div>\n\t\t<\/section>\n\t\t\t\t<\/div>\n\t\t","protected":false},"excerpt":{"rendered":"<p>Nuestros s\u00faper alimentos \u201cS\u00faper alimentos\u201d es un t\u00e9rmino que hemos adoptado para exaltar aquellos productos que por su aporte nutricional, cultural, ambiental o econ\u00f3mico destacan de forma sobresaliente en la alimentaci\u00f3n costarricense.\u00a0 Por diversas razones se han dejado de consumir muchos de ellos, se desconoce sobre sus propiedades o han quedado en el olvido por [&hellip;]<\/p>\n","protected":false},"author":5,"featured_media":0,"parent":20,"menu_order":0,"comment_status":"closed","ping_status":"closed","template":"","meta":{"site-sidebar-layout":"no-sidebar","site-content-layout":"page-builder","ast-site-content-layout":"default","site-content-style":"default","site-sidebar-style":"default","ast-global-header-display":"","ast-banner-title-visibility":"","ast-main-header-display":"","ast-hfb-above-header-display":"","ast-hfb-below-header-display":"","ast-hfb-mobile-header-display":"","site-post-title":"disabled","ast-breadcrumbs-content":"","ast-featured-img":"","footer-sml-layout":"","ast-disable-related-posts":"","theme-transparent-header-meta":"","adv-header-id-meta":"","stick-header-meta":"","header-above-stick-meta":"","header-main-stick-meta":"","header-below-stick-meta":"","astra-migrate-meta-layouts":"default","ast-page-background-enabled":"default","ast-page-background-meta":{"desktop":{"background-color":"var(--ast-global-color-4)","background-image":"","background-repeat":"repeat","background-position":"center center","background-size":"auto","background-attachment":"scroll","background-type":"","background-media":"","overlay-type":"","overlay-color":"","overlay-opacity":"","overlay-gradient":""},"tablet":{"background-color":"","background-image":"","background-repeat":"repeat","background-position":"center center","background-size":"auto","background-attachment":"scroll","background-type":"","background-media":"","overlay-type":"","overlay-color":"","overlay-opacity":"","overlay-gradient":""},"mobile":{"background-color":"","background-image":"","background-repeat":"repeat","background-position":"center center","background-size":"auto","background-attachment":"scroll","background-type":"","background-media":"","overlay-type":"","overlay-color":"","overlay-opacity":"","overlay-gradient":""}},"ast-content-background-meta":{"desktop":{"background-color":"var(--ast-global-color-5)","background-image":"","background-repeat":"repeat","background-position":"center center","background-size":"auto","background-attachment":"scroll","background-type":"","background-media":"","overlay-type":"","overlay-color":"","overlay-opacity":"","overlay-gradient":""},"tablet":{"background-color":"var(--ast-global-color-5)","background-image":"","background-repeat":"repeat","background-position":"center center","background-size":"auto","background-attachment":"scroll","background-type":"","background-media":"","overlay-type":"","overlay-color":"","overlay-opacity":"","overlay-gradient":""},"mobile":{"background-color":"var(--ast-global-color-5)","background-image":"","background-repeat":"repeat","background-position":"center center","background-size":"auto","background-attachment":"scroll","background-type":"","background-media":"","overlay-type":"","overlay-color":"","overlay-opacity":"","overlay-gradient":""}},"footnotes":""},"class_list":["post-37","page","type-page","status-publish","hentry"],"_links":{"self":[{"href":"https:\/\/alimentacionycultura.ucr.ac.cr\/index.php\/wp-json\/wp\/v2\/pages\/37","targetHints":{"allow":["GET"]}}],"collection":[{"href":"https:\/\/alimentacionycultura.ucr.ac.cr\/index.php\/wp-json\/wp\/v2\/pages"}],"about":[{"href":"https:\/\/alimentacionycultura.ucr.ac.cr\/index.php\/wp-json\/wp\/v2\/types\/page"}],"author":[{"embeddable":true,"href":"https:\/\/alimentacionycultura.ucr.ac.cr\/index.php\/wp-json\/wp\/v2\/users\/5"}],"replies":[{"embeddable":true,"href":"https:\/\/alimentacionycultura.ucr.ac.cr\/index.php\/wp-json\/wp\/v2\/comments?post=37"}],"version-history":[{"count":59,"href":"https:\/\/alimentacionycultura.ucr.ac.cr\/index.php\/wp-json\/wp\/v2\/pages\/37\/revisions"}],"predecessor-version":[{"id":3212,"href":"https:\/\/alimentacionycultura.ucr.ac.cr\/index.php\/wp-json\/wp\/v2\/pages\/37\/revisions\/3212"}],"up":[{"embeddable":true,"href":"https:\/\/alimentacionycultura.ucr.ac.cr\/index.php\/wp-json\/wp\/v2\/pages\/20"}],"wp:attachment":[{"href":"https:\/\/alimentacionycultura.ucr.ac.cr\/index.php\/wp-json\/wp\/v2\/media?parent=37"}],"curies":[{"name":"wp","href":"https:\/\/api.w.org\/{rel}","templated":true}]}}